{"id":18,"date":"2019-09-21T17:34:22","date_gmt":"2019-09-21T15:34:22","guid":{"rendered":"http:\/\/beaumont-redon.fr\/wp\/beaumonde\/?page_id=18"},"modified":"2020-09-18T17:18:00","modified_gmt":"2020-09-18T15:18:00","slug":"beaumonde-le-projet","status":"publish","type":"page","link":"http:\/\/wp.beaumont-redon.fr\/beaumonde\/beaumonde-le-projet\/","title":{"rendered":"Le projet"},"content":{"rendered":"<div id=\"pl-gb18-69ee706093688\"  class=\"panel-layout\" ><div id=\"pg-gb18-69ee706093688-0\"  class=\"panel-grid panel-no-style\" ><div id=\"pgc-gb18-69ee706093688-0-0\"  class=\"panel-grid-cell\" ><div id=\"panel-gb18-69ee706093688-0-0-0\" class=\"so-panel widget widget_media_image panel-first-child panel-last-child\" data-index=\"0\" ><img loading=\"lazy\" decoding=\"async\" width=\"300\" height=\"200\" src=\"http:\/\/wp.beaumont-redon.fr\/beaumonde\/files\/2019\/09\/tree-1750784-300x200.jpg\" class=\"image wp-image-23  attachment-medium size-medium\" alt=\"\" style=\"max-width: 100%; height: auto;\" srcset=\"http:\/\/wp.beaumont-redon.fr\/beaumonde\/files\/2019\/09\/tree-1750784-300x200.jpg 300w, http:\/\/wp.beaumont-redon.fr\/beaumonde\/files\/2019\/09\/tree-1750784-768x512.jpg 768w, http:\/\/wp.beaumont-redon.fr\/beaumonde\/files\/2019\/09\/tree-1750784-1024x683.jpg 1024w, http:\/\/wp.beaumont-redon.fr\/beaumonde\/files\/2019\/09\/tree-1750784-272x182.jpg 272w\" sizes=\"(max-width: 300px) 100vw, 300px\" \/><\/div><\/div><div id=\"pgc-gb18-69ee706093688-0-1\"  class=\"panel-grid-cell\" ><div id=\"panel-gb18-69ee706093688-0-1-0\" class=\"so-panel widget widget_text panel-first-child panel-last-child\" data-index=\"1\" ><h3 class=\"widget-title\">Le projet<\/h3>\t\t\t<div class=\"textwidget\"><p>Il s\u2019agit de l\u2019organisation d\u2019un \u00e9co-festival, au sein de la cit\u00e9 scolaire Beaumont de REDON 35 (LGT \u2013 LP \u2013 CLG \u2013 BTS) qui a trouv\u00e9 son origine dans un atelier du Proflab de Redon.<\/p>\n<p>Les ateliers propos\u00e9s aux \u00e9l\u00e8ves et adultes de la cit\u00e9 scolaire Beaumont de Redon lors de l&#8217;\u00e9co-festival BEAUMONDE sont tr\u00e8s diversifi\u00e9s et ont pour axe central la sensibilisation au d\u00e9veloppement durable et aux enjeux environnementaux actuels.<\/p>\n<p>Le choix de favoriser la mise en place d\u2019ateliers a pour objectif d\u2019apprendre en faisant et de comprendre en \u00e9changeant. Ainsi, les \u00e9l\u00e8ves et personnels de la cit\u00e9 scolaire ont l\u2019opportunit\u00e9 de s\u2019inscrire de fa\u00e7on volontaire et individuelle \u00e0 bon nombre d\u2019ateliers : couture de sac \u00e0 pain, confection de tawashi, concours d\u2019\u00e9loquence, atelier pour des pratiques num\u00e9riques \u00e9co-responsables, parcours botanique, initiation \u00e0 l\u2019ornithologie, gestion d\u2019une zone de gratuit\u00e9, une s\u00e9ance d\u2019\u00e9co-running le long du canal de Nantes \u00e0 Brest, une conf\u00e9rence exceptionnelle d\u2019Yvan Bourgnon&#8230;<\/p>\n<p>Ces projets sont trans-disciplinaires et trans-\u00e9tablissements.<\/p>\n<p>Les ateliers sont men\u00e9s par des \u00e9l\u00e8ves,des intervenants ext\u00e9rieurs, des personnels de la cit\u00e9 scolaire (enseignants, personnels IATOS, ASEN, personnels de direction,&#8230;) et sont \u00e9galement \u00e0 destination de toutes ces personnes, sur la base du volontariat.<\/p>\n<p>Une d\u00e9nomination particuli\u00e8re est cr\u00e9\u00e9e pour d\u00e9signer les \u00e9l\u00e8ves responsable de la communication et de l\u2019information autour de l\u2019\u00e9co-festival au sein des classes. Ainsi, des \u201cAmbassadeurs\u201d de la 6\u00e8me au BTS (en passant par le LGT et le LP) assistent \u00e0 des r\u00e9unions de pr\u00e9paration de l\u2019\u00e9co-festival dans le but de retransmettre les informations dans leurs classes, ou de se porter volontaire pour tenir un stand d\u2019inscriptions ou encore pour int\u00e9grer un groupe sp\u00e9cifiquement charg\u00e9 de la communication officielle de l\u2019\u00e9v\u00e9nement via les r\u00e9seaux sociaux (Instagram, Twitter et Facebook) avant, pendant et apr\u00e8s l\u2019\u00e9co festival.<\/p>\n<p>Un groupe d&#8217;\u00e9tudiants en\u00a0 BTS \u201cSupport \u00e0 l\u2019Action Manag\u00e9riale\u201d s\u2019investi dans l\u2019organisation, la pr\u00e9paration et la logistique du projet dans le cadre d\u2019un projet \u00e0 r\u00e9aliser pour leurs \u00e9tudes. A l\u2019image d\u2019un projet \u00e0 mener pour une entreprise priv\u00e9e, ils assistent \u00e0 des r\u00e9union, menent des r\u00e9unions, envoient des mails et soumettent des propositions. Ils co-pilotent la commission \u201cr\u00e9seaux sociaux\u201d (form\u00e9e d\u2019Ambassadeurs du coll\u00e8ge, LGT et LEP). Pour conclure le projet, ils proposent une \u00e9valuation et un bilan de l\u2019action men\u00e9e.<\/p>\n<p>&nbsp;<\/p>\n<\/div>\n\t\t<\/div><\/div><\/div><\/div>\n\n\n<p><\/p>\n","protected":false},"excerpt":{"rendered":"<p>Il s\u2019agit de l\u2019organisation d\u2019un \u00e9co-festival, au sein de la cit\u00e9 scolaire Beaumont de REDON 35 (LGT \u2013 LP \u2013 CLG \u2013 BTS) qui a trouv\u00e9 son origine dans un atelier du Proflab de Redon. Les ateliers propos\u00e9s aux \u00e9l\u00e8ves et adultes de la cit\u00e9 scolaire Beaumont de Redon lors de l&#8217;\u00e9co-festival BEAUMONDE sont tr\u00e8s [&hellip;]<\/p>\n","protected":false},"author":1,"featured_media":0,"parent":0,"menu_order":0,"comment_status":"closed","ping_status":"closed","template":"","meta":{"footnotes":""},"featured_image_src":null,"featured_image_src_square":null,"_links":{"self":[{"href":"http:\/\/wp.beaumont-redon.fr\/beaumonde\/wp-json\/wp\/v2\/pages\/18"}],"collection":[{"href":"http:\/\/wp.beaumont-redon.fr\/beaumonde\/wp-json\/wp\/v2\/pages"}],"about":[{"href":"http:\/\/wp.beaumont-redon.fr\/beaumonde\/wp-json\/wp\/v2\/types\/page"}],"author":[{"embeddable":true,"href":"http:\/\/wp.beaumont-redon.fr\/beaumonde\/wp-json\/wp\/v2\/users\/1"}],"replies":[{"embeddable":true,"href":"http:\/\/wp.beaumont-redon.fr\/beaumonde\/wp-json\/wp\/v2\/comments?post=18"}],"version-history":[{"count":6,"href":"http:\/\/wp.beaumont-redon.fr\/beaumonde\/wp-json\/wp\/v2\/pages\/18\/revisions"}],"predecessor-version":[{"id":167,"href":"http:\/\/wp.beaumont-redon.fr\/beaumonde\/wp-json\/wp\/v2\/pages\/18\/revisions\/167"}],"wp:attachment":[{"href":"http:\/\/wp.beaumont-redon.fr\/beaumonde\/wp-json\/wp\/v2\/media?parent=18"}],"curies":[{"name":"wp","href":"https:\/\/api.w.org\/{rel}","templated":true}]}}